{"id":1051,"date":"2021-01-14T16:28:26","date_gmt":"2021-01-14T15:28:26","guid":{"rendered":"http:\/\/www.alain-gabriel-bouvier.art\/?page_id=1051"},"modified":"2021-02-04T09:18:01","modified_gmt":"2021-02-04T08:18:01","slug":"le-vegetal","status":"publish","type":"page","link":"https:\/\/www.alain-gabriel-bouvier.art\/index.php\/le-vegetal\/","title":{"rendered":"4-Le v\u00e9g\u00e9tal"},"content":{"rendered":"<p>[et_pb_section fb_built=\u00a0\u00bb1&Prime; _builder_version=\u00a0\u00bb4.6.1&Prime; _module_preset=\u00a0\u00bbdefault\u00a0\u00bb background_color=\u00a0\u00bbrgba(50,50,50,0.85)\u00a0\u00bb background_enable_image=\u00a0\u00bboff\u00a0\u00bb min_height=\u00a0\u00bb4136.1px\u00a0\u00bb custom_margin=\u00a0\u00bb||6px|||\u00a0\u00bb custom_padding=\u00a0\u00bb||82px|||\u00a0\u00bb][et_pb_row _builder_version=\u00a0\u00bb4.8.0&Prime; _module_preset=\u00a0\u00bbdefault\u00a0\u00bb background_image=\u00a0\u00bbhttps:\/\/www.alain-gabriel-bouvier.art\/wp-content\/uploads\/2021\/01\/Detail-largeur-page.png\u00a0\u00bb width=\u00a0\u00bb100%\u00a0\u00bb custom_margin=\u00a0\u00bb|auto|149px|auto|false|false\u00a0\u00bb custom_padding=\u00a0\u00bb||135px||false|false\u00a0\u00bb][et_pb_column type=\u00a0\u00bb4_4&Prime; _builder_version=\u00a0\u00bb4.6.1&Prime; _module_preset=\u00a0\u00bbdefault\u00a0\u00bb][et_pb_text _builder_version=\u00a0\u00bb4.8.0&Prime; _module_preset=\u00a0\u00bbdefault\u00a0\u00bb text_font=\u00a0\u00bbTrebuchet||||||||\u00a0\u00bb text_text_color=\u00a0\u00bb#e0af00&Prime; text_font_size=\u00a0\u00bb95px\u00a0\u00bb text_line_height=\u00a0\u00bb0.5em\u00a0\u00bb text_orientation=\u00a0\u00bbcenter\u00a0\u00bb background_layout=\u00a0\u00bbdark\u00a0\u00bb custom_margin=\u00a0\u00bb104px||18px|||\u00a0\u00bb custom_padding=\u00a0\u00bb||0px|||\u00a0\u00bb text_text_shadow_style=\u00a0\u00bbpreset5&Prime; text_text_shadow_horizontal_length=\u00a0\u00bb0.05em\u00a0\u00bb text_text_shadow_vertical_length=\u00a0\u00bb0.05em\u00a0\u00bb text_text_shadow_blur_strength=\u00a0\u00bb0.04em\u00a0\u00bb text_text_shadow_color=\u00a0\u00bbrgba(0,0,0,0.5)\u00a0\u00bb]<\/p>\n<p>Le v\u00e9g\u00e9tal<\/p>\n<p>[\/et_pb_text][\/et_pb_column][\/et_pb_row][et_pb_row _builder_version=\u00a0\u00bb4.6.1&Prime; _module_preset=\u00a0\u00bbdefault\u00a0\u00bb][et_pb_column type=\u00a0\u00bb4_4&Prime; _builder_version=\u00a0\u00bb4.6.1&Prime; _module_preset=\u00a0\u00bbdefault\u00a0\u00bb][et_pb_text _builder_version=\u00a0\u00bb4.8.1&Prime; _module_preset=\u00a0\u00bbdefault\u00a0\u00bb text_font=\u00a0\u00bbTrebuchet||||||||\u00a0\u00bb text_text_color=\u00a0\u00bb#ffffff\u00a0\u00bb text_font_size=\u00a0\u00bb24px\u00a0\u00bb text_line_height=\u00a0\u00bb1.73em\u00a0\u00bb text_orientation=\u00a0\u00bbjustified\u00a0\u00bb width=\u00a0\u00bb88%\u00a0\u00bb module_alignment=\u00a0\u00bbcenter\u00a0\u00bb custom_margin=\u00a0\u00bb-124px|||||\u00a0\u00bb]<\/p>\n<p>L\u2019arbre semble vouloir s\u2019adresser aux grands primates irr\u00e9v\u00e9rencieux que nous sommes devenus. Des primates aujourd\u2019hui perdus au bord du chemin pour avoir sottement oubli\u00e9 qu\u2019ils vivaient sur la plan\u00e8te des arbres.<\/p>\n<p><span style=\"font-size: large;\">Jacques Tassin, <em>Penser comme un arbre<\/em>, \u00e9d Odile Jacob.<\/span><\/p>\n<p>[\/et_pb_text][\/et_pb_column][\/et_pb_row][et_pb_row _builder_version=\u00a0\u00bb4.6.1&Prime; _module_preset=\u00a0\u00bbdefault\u00a0\u00bb width=\u00a0\u00bb80%\u00a0\u00bb custom_padding=\u00a0\u00bb||4px|||\u00a0\u00bb][et_pb_column type=\u00a0\u00bb4_4&Prime; _builder_version=\u00a0\u00bb4.6.1&Prime; _module_preset=\u00a0\u00bbdefault\u00a0\u00bb][et_pb_text _builder_version=\u00a0\u00bb4.8.1&Prime; _module_preset=\u00a0\u00bbdefault\u00a0\u00bb text_font=\u00a0\u00bbTrebuchet||||||||\u00a0\u00bb text_text_color=\u00a0\u00bb#ffffff\u00a0\u00bb text_font_size=\u00a0\u00bb24px\u00a0\u00bb text_line_height=\u00a0\u00bb1.73em\u00a0\u00bb header_font=\u00a0\u00bbTrebuchet||||||||\u00a0\u00bb header_text_align=\u00a0\u00bbleft\u00a0\u00bb header_text_color=\u00a0\u00bb#e09900&Prime; header_font_size=\u00a0\u00bb55px\u00a0\u00bb header_2_font=\u00a0\u00bbTrebuchet||||||||\u00a0\u00bb header_2_text_align=\u00a0\u00bbleft\u00a0\u00bb header_2_text_color=\u00a0\u00bb#ffffff\u00a0\u00bb header_2_font_size=\u00a0\u00bb35px\u00a0\u00bb header_2_line_height=\u00a0\u00bb1.7em\u00a0\u00bb text_orientation=\u00a0\u00bbjustified\u00a0\u00bb width=\u00a0\u00bb100%\u00a0\u00bb custom_padding=\u00a0\u00bb||0px|||\u00a0\u00bb header_text_shadow_style=\u00a0\u00bbpreset2&Prime; header_2_text_shadow_style=\u00a0\u00bbpreset2&Prime; locked=\u00a0\u00bboff\u00a0\u00bb]<\/p>\n<h1>La confondante r\u00e9alit\u00e9<\/h1>\n<p><span style=\"color: #e09900;\">Apr\u00e8s des recherches sur le th\u00e8me du paysage associ\u00e9 \u00e0 des \u00e9vocations cosmiques<\/span>, je me suis pench\u00e9 sur les \u00ab\u00a0objets nature\u00a0\u00bb qui encombrent les \u00e9tag\u00e8res de l\u2019atelier, ces objets ramass\u00e9s lors des nombreuses promenades. Souvenir ? non, car bien souvent l\u2019objet en question, rebut du temps, caillou, morceau de bois ou racine, feuille, ossements, est collect\u00e9 pour son aspect, sa structure, sa dimension paradoxale \u00e9voquant un microcosme <em>microcosmique, <\/em>d\u00e9dale et labyrinthe, mati\u00e8re \u00e0 r\u00eaverie, mati\u00e8re \u00e0 promenade de l\u2019\u0153il, \u00e0 toucher du regard. Une passion que l\u2019on trouve dans la pens\u00e9e orientale, chinoise, qui a \u00e9tabli les crit\u00e8res d\u00e9terminant les qualit\u00e9s qui rendent un rocher digne d\u2019int\u00e9r\u00eat plut\u00f4t qu\u2019un autre, cette passion chinoise pour la mati\u00e8re et ses transformations.<\/p>\n<p>[\/et_pb_text][\/et_pb_column][\/et_pb_row][et_pb_row use_custom_gutter=\u00a0\u00bbon\u00a0\u00bb gutter_width=\u00a0\u00bb2&Prime; _builder_version=\u00a0\u00bb4.6.1&Prime; _module_preset=\u00a0\u00bbdefault\u00a0\u00bb custom_padding=\u00a0\u00bb4px||0px||false|false\u00a0\u00bb custom_margin=\u00a0\u00bb28px|auto||auto||\u00a0\u00bb][et_pb_column type=\u00a0\u00bb4_4&Prime; _builder_version=\u00a0\u00bb4.6.1&Prime; _module_preset=\u00a0\u00bbdefault\u00a0\u00bb][et_pb_gallery gallery_ids=\u00a0\u00bb1014,1015,1016,1017,1018,1019,1020,1021,1022,1023,1024,1025,1026,1027,1028,1029,1030,1031&Prime; posts_number=\u00a0\u00bb18&Prime; show_pagination=\u00a0\u00bboff\u00a0\u00bb zoom_icon_color=\u00a0\u00bbrgba(224,153,0,0.33)\u00a0\u00bb hover_overlay_color=\u00a0\u00bbrgba(255,255,255,0.5)\u00a0\u00bb _builder_version=\u00a0\u00bb4.8.2&Prime; _module_preset=\u00a0\u00bbdefault\u00a0\u00bb background_layout=\u00a0\u00bbdark\u00a0\u00bb width=\u00a0\u00bb90%\u00a0\u00bb module_alignment=\u00a0\u00bbcenter\u00a0\u00bb custom_margin=\u00a0\u00bb2px||-264px|||\u00a0\u00bb custom_padding=\u00a0\u00bb||0px|||\u00a0\u00bb hover_enabled=\u00a0\u00bb0&Prime; min_height=\u00a0\u00bb2017.4px\u00a0\u00bb sticky_enabled=\u00a0\u00bb0&Prime;][\/et_pb_gallery][\/et_pb_column][\/et_pb_row][et_pb_row _builder_version=\u00a0\u00bb4.8.1&Prime; _module_preset=\u00a0\u00bbdefault\u00a0\u00bb][et_pb_column type=\u00a0\u00bb4_4&Prime; _builder_version=\u00a0\u00bb4.8.1&Prime; _module_preset=\u00a0\u00bbdefault\u00a0\u00bb][et_pb_video src=\u00a0\u00bbhttps:\/\/www.alain-gabriel-bouvier.art\/wp-content\/uploads\/2021\/01\/La-Confondante-Realite.mp4&Prime; src_webm=\u00a0\u00bbhttps:\/\/www.alain-gabriel-bouvier.art\/wp-content\/uploads\/2021\/01\/La-Confondante-Realite.webm\u00a0\u00bb image_src=\u00a0\u00bbhttps:\/\/www.alain-gabriel-bouvier.art\/wp-content\/uploads\/2021\/01\/La-Confondante-Realite-image-fond.jpg\u00a0\u00bb play_icon_color=\u00a0\u00bbrgba(224,153,0,0.5)\u00a0\u00bb _builder_version=\u00a0\u00bb4.8.1&Prime; _module_preset=\u00a0\u00bbdefault\u00a0\u00bb width=\u00a0\u00bb50%\u00a0\u00bb module_alignment=\u00a0\u00bbcenter\u00a0\u00bb][\/et_pb_video][\/et_pb_column][\/et_pb_row][et_pb_row _builder_version=\u00a0\u00bb4.6.1&Prime; _module_preset=\u00a0\u00bbdefault\u00a0\u00bb width=\u00a0\u00bb80%\u00a0\u00bb min_height=\u00a0\u00bb566.4px\u00a0\u00bb custom_margin=\u00a0\u00bb-1px|auto||auto||\u00a0\u00bb custom_padding=\u00a0\u00bb4px||0px|||\u00a0\u00bb][et_pb_column type=\u00a0\u00bb4_4&Prime; _builder_version=\u00a0\u00bb4.6.1&Prime; _module_preset=\u00a0\u00bbdefault\u00a0\u00bb][et_pb_text _builder_version=\u00a0\u00bb4.8.1&Prime; _module_preset=\u00a0\u00bbdefault\u00a0\u00bb text_font=\u00a0\u00bbTrebuchet||||||||\u00a0\u00bb text_text_color=\u00a0\u00bb#ffffff\u00a0\u00bb text_font_size=\u00a0\u00bb24px\u00a0\u00bb text_line_height=\u00a0\u00bb1.73em\u00a0\u00bb header_font=\u00a0\u00bbTrebuchet||||||||\u00a0\u00bb header_text_align=\u00a0\u00bbleft\u00a0\u00bb header_text_color=\u00a0\u00bb#e09900&Prime; header_font_size=\u00a0\u00bb55px\u00a0\u00bb header_2_font=\u00a0\u00bbTrebuchet||||||||\u00a0\u00bb header_2_text_align=\u00a0\u00bbleft\u00a0\u00bb header_2_text_color=\u00a0\u00bb#ffffff\u00a0\u00bb header_2_font_size=\u00a0\u00bb35px\u00a0\u00bb header_2_line_height=\u00a0\u00bb1.7em\u00a0\u00bb text_orientation=\u00a0\u00bbjustified\u00a0\u00bb width=\u00a0\u00bb100%\u00a0\u00bb custom_margin=\u00a0\u00bb1px|||||\u00a0\u00bb custom_padding=\u00a0\u00bb51px||0px|||\u00a0\u00bb header_text_shadow_style=\u00a0\u00bbpreset2&Prime; header_2_text_shadow_style=\u00a0\u00bbpreset2&Prime;]<\/p>\n<h1>Le silence des oiseaux<\/h1>\n<p><span style=\"color: #e09900;\">Premier triptyque<\/span> d\u2019une s\u00e9rie de quatre, work in progress\u2026<\/p>\n<p>[\/et_pb_text][et_pb_gallery gallery_ids=\u00a0\u00bb1041,1042,1043,1044&Prime; show_pagination=\u00a0\u00bboff\u00a0\u00bb zoom_icon_color=\u00a0\u00bbrgba(224,153,0,0.33)\u00a0\u00bb hover_overlay_color=\u00a0\u00bbrgba(255,255,255,0.5)\u00a0\u00bb admin_label=\u00a0\u00bbGalerie\u00a0\u00bb _builder_version=\u00a0\u00bb4.8.0&Prime; _module_preset=\u00a0\u00bbdefault\u00a0\u00bb background_layout=\u00a0\u00bbdark\u00a0\u00bb width=\u00a0\u00bb100%\u00a0\u00bb module_alignment=\u00a0\u00bbcenter\u00a0\u00bb custom_margin=\u00a0\u00bb||-264px|||\u00a0\u00bb custom_padding=\u00a0\u00bb8px|||||\u00a0\u00bb locked=\u00a0\u00bboff\u00a0\u00bb][\/et_pb_gallery][\/et_pb_column][\/et_pb_row][et_pb_row _builder_version=\u00a0\u00bb4.6.1&Prime; _module_preset=\u00a0\u00bbdefault\u00a0\u00bb width=\u00a0\u00bb80%\u00a0\u00bb min_height=\u00a0\u00bb566.4px\u00a0\u00bb custom_margin=\u00a0\u00bb-1px|auto||auto||\u00a0\u00bb custom_padding=\u00a0\u00bb4px||0px|||\u00a0\u00bb][et_pb_column type=\u00a0\u00bb4_4&Prime; _builder_version=\u00a0\u00bb4.6.1&Prime; _module_preset=\u00a0\u00bbdefault\u00a0\u00bb][et_pb_text _builder_version=\u00a0\u00bb4.8.1&Prime; _module_preset=\u00a0\u00bbdefault\u00a0\u00bb text_font=\u00a0\u00bbTrebuchet||||||||\u00a0\u00bb text_text_color=\u00a0\u00bb#ffffff\u00a0\u00bb text_font_size=\u00a0\u00bb24px\u00a0\u00bb text_line_height=\u00a0\u00bb1.73em\u00a0\u00bb header_font=\u00a0\u00bbTrebuchet||||||||\u00a0\u00bb header_text_align=\u00a0\u00bbleft\u00a0\u00bb header_text_color=\u00a0\u00bb#e09900&Prime; header_font_size=\u00a0\u00bb55px\u00a0\u00bb header_2_font=\u00a0\u00bbTrebuchet||||||||\u00a0\u00bb header_2_text_align=\u00a0\u00bbleft\u00a0\u00bb header_2_text_color=\u00a0\u00bb#ffffff\u00a0\u00bb header_2_font_size=\u00a0\u00bb35px\u00a0\u00bb header_2_line_height=\u00a0\u00bb1.7em\u00a0\u00bb text_orientation=\u00a0\u00bbjustified\u00a0\u00bb width=\u00a0\u00bb100%\u00a0\u00bb custom_margin=\u00a0\u00bb1px|||||\u00a0\u00bb custom_padding=\u00a0\u00bb40px||0px|||\u00a0\u00bb header_text_shadow_style=\u00a0\u00bbpreset2&Prime; header_2_text_shadow_style=\u00a0\u00bbpreset2&Prime;]<\/p>\n<h1>Les quatre saisons<\/h1>\n<p><span style=\"color: #e09900;\">Cycle du temps<\/span>, cycle de la lumi\u00e8re, cycle de la mati\u00e8re, de l\u2019humus au cosmos.<\/p>\n<p>[\/et_pb_text][et_pb_gallery gallery_ids=\u00a0\u00bb1070,1071,1069,1072&Prime; show_pagination=\u00a0\u00bboff\u00a0\u00bb zoom_icon_color=\u00a0\u00bbrgba(224,153,0,0.33)\u00a0\u00bb hover_overlay_color=\u00a0\u00bbrgba(255,255,255,0.5)\u00a0\u00bb admin_label=\u00a0\u00bbGalerie\u00a0\u00bb _builder_version=\u00a0\u00bb4.8.0&Prime; _module_preset=\u00a0\u00bbdefault\u00a0\u00bb background_layout=\u00a0\u00bbdark\u00a0\u00bb width=\u00a0\u00bb100%\u00a0\u00bb module_alignment=\u00a0\u00bbcenter\u00a0\u00bb custom_margin=\u00a0\u00bb||-264px|||\u00a0\u00bb custom_padding=\u00a0\u00bb8px|||||\u00a0\u00bb locked=\u00a0\u00bboff\u00a0\u00bb][\/et_pb_gallery][\/et_pb_column][\/et_pb_row][et_pb_row _builder_version=\u00a0\u00bb4.6.1&Prime; _module_preset=\u00a0\u00bbdefault\u00a0\u00bb width=\u00a0\u00bb80%\u00a0\u00bb min_height=\u00a0\u00bb566.4px\u00a0\u00bb custom_margin=\u00a0\u00bb-1px|auto||auto||\u00a0\u00bb custom_padding=\u00a0\u00bb4px||0px|||\u00a0\u00bb][et_pb_column type=\u00a0\u00bb4_4&Prime; _builder_version=\u00a0\u00bb4.6.1&Prime; _module_preset=\u00a0\u00bbdefault\u00a0\u00bb][et_pb_text _builder_version=\u00a0\u00bb4.8.1&Prime; _module_preset=\u00a0\u00bbdefault\u00a0\u00bb text_font=\u00a0\u00bbTrebuchet||||||||\u00a0\u00bb text_text_color=\u00a0\u00bb#ffffff\u00a0\u00bb text_font_size=\u00a0\u00bb24px\u00a0\u00bb text_line_height=\u00a0\u00bb1.73em\u00a0\u00bb header_font=\u00a0\u00bbTrebuchet||||||||\u00a0\u00bb header_text_align=\u00a0\u00bbleft\u00a0\u00bb header_text_color=\u00a0\u00bb#e09900&Prime; header_font_size=\u00a0\u00bb55px\u00a0\u00bb header_2_font=\u00a0\u00bbTrebuchet||||||||\u00a0\u00bb header_2_text_align=\u00a0\u00bbleft\u00a0\u00bb header_2_text_color=\u00a0\u00bb#ffffff\u00a0\u00bb header_2_font_size=\u00a0\u00bb35px\u00a0\u00bb header_2_line_height=\u00a0\u00bb1.7em\u00a0\u00bb text_orientation=\u00a0\u00bbjustified\u00a0\u00bb width=\u00a0\u00bb100%\u00a0\u00bb custom_margin=\u00a0\u00bb1px|||||\u00a0\u00bb custom_padding=\u00a0\u00bb40px||0px|||\u00a0\u00bb header_text_shadow_style=\u00a0\u00bbpreset2&Prime; header_2_text_shadow_style=\u00a0\u00bbpreset2&Prime;]<\/p>\n<h1>Linogravures<\/h1>\n<p><span style=\"color: #e09900;\">Alain Bouvier est impr\u00e9gn\u00e9 de cette simplicit\u00e9 apparente<\/span>, de cette complexit\u00e9 cach\u00e9e et de l\u2019exigence d\u2019une qualit\u00e9 toujours en essor. Si par hasard vous en doutiez encore, un signe compl\u00e9mentaire vous convaincra : l\u2019intelligence des parties graphiques, la richesse des trac\u00e9s, des lignes de force, la finesse et la pr\u00e9cision du trait, apanages courant et norme de la gravure traditionnelle, sont sublim\u00e9s par Alain Bouvier au travers d\u2019une technique \u00ab\u00a0enfantine\u00a0\u00bb, mais parfaitement ma\u00eetris\u00e9e : <em>la linogravure !<\/em><\/p>\n<p><span style=\"font-size: large;\">Galerie ARCADACHE, juin 1972, Jacques Cavin.<\/span><\/p>\n<p>[\/et_pb_text][et_pb_text _builder_version=\u00a0\u00bb4.8.1&Prime; _module_preset=\u00a0\u00bbdefault\u00a0\u00bb text_font=\u00a0\u00bbTrebuchet||||||||\u00a0\u00bb text_text_color=\u00a0\u00bb#ffffff\u00a0\u00bb text_font_size=\u00a0\u00bb18px\u00a0\u00bb text_line_height=\u00a0\u00bb1.73em\u00a0\u00bb header_font=\u00a0\u00bbTrebuchet||||||||\u00a0\u00bb header_text_align=\u00a0\u00bbleft\u00a0\u00bb header_text_color=\u00a0\u00bb#e09900&Prime; header_font_size=\u00a0\u00bb40px\u00a0\u00bb header_2_font=\u00a0\u00bbTrebuchet||||||||\u00a0\u00bb header_2_text_align=\u00a0\u00bbleft\u00a0\u00bb header_2_text_color=\u00a0\u00bb#ffffff\u00a0\u00bb header_2_font_size=\u00a0\u00bb35px\u00a0\u00bb header_2_line_height=\u00a0\u00bb1.7em\u00a0\u00bb text_orientation=\u00a0\u00bbcenter\u00a0\u00bb width=\u00a0\u00bb100%\u00a0\u00bb custom_margin=\u00a0\u00bb1px|||||\u00a0\u00bb custom_padding=\u00a0\u00bb40px||0px|||\u00a0\u00bb header_text_shadow_style=\u00a0\u00bbpreset2&Prime; header_2_text_shadow_style=\u00a0\u00bbpreset2&Prime;]<\/p>\n<h1 style=\"text-align: center;\">Cerisier<\/h1>\n<p><span style=\"font-size: x-large;\"><span style=\"color: #e09900;\">Accompagnement d\u2019un ouvrage<\/span> de po\u00e9sie comme on le dirait d\u2019un plat et d\u2019un vin\u2026<\/span><\/p>\n<p>\u00a0<em>Du cerisier<\/em>, Fran\u00e7oise Delorme, \u00e9dition L\u2019atelier du grand t\u00e9tras<\/p>\n<p>[\/et_pb_text][et_pb_gallery gallery_ids=\u00a0\u00bb1123,1124,1125,1126&Prime; show_pagination=\u00a0\u00bboff\u00a0\u00bb zoom_icon_color=\u00a0\u00bbrgba(224,153,0,0.33)\u00a0\u00bb hover_overlay_color=\u00a0\u00bbrgba(255,255,255,0.5)\u00a0\u00bb admin_label=\u00a0\u00bbGalerie\u00a0\u00bb _builder_version=\u00a0\u00bb4.8.0&Prime; _module_preset=\u00a0\u00bbdefault\u00a0\u00bb background_layout=\u00a0\u00bbdark\u00a0\u00bb width=\u00a0\u00bb100%\u00a0\u00bb module_alignment=\u00a0\u00bbcenter\u00a0\u00bb custom_margin=\u00a0\u00bb||-264px|||\u00a0\u00bb custom_padding=\u00a0\u00bb8px|||||\u00a0\u00bb locked=\u00a0\u00bboff\u00a0\u00bb][\/et_pb_gallery][\/et_pb_column][\/et_pb_row][et_pb_row _builder_version=\u00a0\u00bb4.6.1&Prime; _module_preset=\u00a0\u00bbdefault\u00a0\u00bb width=\u00a0\u00bb80%\u00a0\u00bb min_height=\u00a0\u00bb566.4px\u00a0\u00bb custom_margin=\u00a0\u00bb-1px|auto||auto||\u00a0\u00bb custom_padding=\u00a0\u00bb4px||0px|||\u00a0\u00bb][et_pb_column type=\u00a0\u00bb4_4&Prime; _builder_version=\u00a0\u00bb4.6.1&Prime; _module_preset=\u00a0\u00bbdefault\u00a0\u00bb][et_pb_text _builder_version=\u00a0\u00bb4.8.1&Prime; _module_preset=\u00a0\u00bbdefault\u00a0\u00bb text_font=\u00a0\u00bbTrebuchet||||||||\u00a0\u00bb text_text_color=\u00a0\u00bb#ffffff\u00a0\u00bb text_font_size=\u00a0\u00bb18px\u00a0\u00bb text_line_height=\u00a0\u00bb1.73em\u00a0\u00bb header_font=\u00a0\u00bbTrebuchet||||||||\u00a0\u00bb header_text_align=\u00a0\u00bbleft\u00a0\u00bb header_text_color=\u00a0\u00bb#e09900&Prime; header_font_size=\u00a0\u00bb40px\u00a0\u00bb header_2_font=\u00a0\u00bbTrebuchet||||||||\u00a0\u00bb header_2_text_align=\u00a0\u00bbleft\u00a0\u00bb header_2_text_color=\u00a0\u00bb#ffffff\u00a0\u00bb header_2_font_size=\u00a0\u00bb35px\u00a0\u00bb header_2_line_height=\u00a0\u00bb1.7em\u00a0\u00bb text_orientation=\u00a0\u00bbcenter\u00a0\u00bb width=\u00a0\u00bb100%\u00a0\u00bb custom_margin=\u00a0\u00bb1px|||||\u00a0\u00bb custom_padding=\u00a0\u00bb40px||0px|||\u00a0\u00bb header_text_shadow_style=\u00a0\u00bbpreset2&Prime; header_2_text_shadow_style=\u00a0\u00bbpreset2&Prime;]<\/p>\n<h1 style=\"text-align: center;\">M\u00e9lancholia<\/h1>\n<p><span style=\"font-size: x-large;\"><span style=\"color: #e09900;\">Neuf stations<\/span> d\u2019un parcours po\u00e9tique qui n\u2019est pas n\u00e9.<\/span><\/p>\n<p>[\/et_pb_text][et_pb_gallery gallery_ids=\u00a0\u00bb1080,1081,1082,1083,1084,1085,1086,1087,1088&Prime; posts_number=\u00a0\u00bb9&Prime; show_pagination=\u00a0\u00bboff\u00a0\u00bb zoom_icon_color=\u00a0\u00bbrgba(224,153,0,0.33)\u00a0\u00bb hover_overlay_color=\u00a0\u00bbrgba(255,255,255,0.5)\u00a0\u00bb admin_label=\u00a0\u00bbGalerie\u00a0\u00bb _builder_version=\u00a0\u00bb4.8.0&Prime; _module_preset=\u00a0\u00bbdefault\u00a0\u00bb background_layout=\u00a0\u00bbdark\u00a0\u00bb width=\u00a0\u00bb100%\u00a0\u00bb module_alignment=\u00a0\u00bbcenter\u00a0\u00bb custom_margin=\u00a0\u00bb||-264px|||\u00a0\u00bb custom_padding=\u00a0\u00bb8px|||||\u00a0\u00bb locked=\u00a0\u00bboff\u00a0\u00bb][\/et_pb_gallery][\/et_pb_column][\/et_pb_row][et_pb_row _builder_version=\u00a0\u00bb4.6.1&Prime; _module_preset=\u00a0\u00bbdefault\u00a0\u00bb width=\u00a0\u00bb80%\u00a0\u00bb min_height=\u00a0\u00bb566.4px\u00a0\u00bb custom_margin=\u00a0\u00bb-1px|auto||auto||\u00a0\u00bb custom_padding=\u00a0\u00bb4px||0px|||\u00a0\u00bb][et_pb_column type=\u00a0\u00bb4_4&Prime; _builder_version=\u00a0\u00bb4.6.1&Prime; _module_preset=\u00a0\u00bbdefault\u00a0\u00bb][et_pb_text _builder_version=\u00a0\u00bb4.8.0&Prime; _module_preset=\u00a0\u00bbdefault\u00a0\u00bb text_font=\u00a0\u00bbTrebuchet||||||||\u00a0\u00bb text_text_color=\u00a0\u00bb#ffffff\u00a0\u00bb text_font_size=\u00a0\u00bb18px\u00a0\u00bb text_line_height=\u00a0\u00bb1.73em\u00a0\u00bb header_font=\u00a0\u00bbTrebuchet||||||||\u00a0\u00bb header_text_align=\u00a0\u00bbleft\u00a0\u00bb header_text_color=\u00a0\u00bb#e09900&Prime; header_font_size=\u00a0\u00bb40px\u00a0\u00bb header_2_font=\u00a0\u00bbTrebuchet||||||||\u00a0\u00bb header_2_text_align=\u00a0\u00bbleft\u00a0\u00bb header_2_text_color=\u00a0\u00bb#ffffff\u00a0\u00bb header_2_font_size=\u00a0\u00bb35px\u00a0\u00bb header_2_line_height=\u00a0\u00bb1.7em\u00a0\u00bb text_orientation=\u00a0\u00bbjustified\u00a0\u00bb width=\u00a0\u00bb100%\u00a0\u00bb custom_margin=\u00a0\u00bb1px|||||\u00a0\u00bb custom_padding=\u00a0\u00bb40px||0px|||\u00a0\u00bb header_text_shadow_style=\u00a0\u00bbpreset2&Prime; header_2_text_shadow_style=\u00a0\u00bbpreset2&Prime;]<\/p>\n<h1 style=\"text-align: center;\">Quelques linogravures&#8230;<\/h1>\n<p>[\/et_pb_text][et_pb_gallery gallery_ids=\u00a0\u00bb1094,1095,1096,1097,1098,1099,1100,1101,1102,1103,1104&Prime; posts_number=\u00a0\u00bb11&Prime; show_pagination=\u00a0\u00bboff\u00a0\u00bb zoom_icon_color=\u00a0\u00bbrgba(224,153,0,0.33)\u00a0\u00bb hover_overlay_color=\u00a0\u00bbrgba(255,255,255,0.5)\u00a0\u00bb admin_label=\u00a0\u00bbGalerie\u00a0\u00bb _builder_version=\u00a0\u00bb4.8.0&Prime; _module_preset=\u00a0\u00bbdefault\u00a0\u00bb background_layout=\u00a0\u00bbdark\u00a0\u00bb width=\u00a0\u00bb100%\u00a0\u00bb module_alignment=\u00a0\u00bbcenter\u00a0\u00bb custom_margin=\u00a0\u00bb||-264px|||\u00a0\u00bb custom_padding=\u00a0\u00bb8px|||||\u00a0\u00bb locked=\u00a0\u00bboff\u00a0\u00bb][\/et_pb_gallery][\/et_pb_column][\/et_pb_row][et_pb_row _builder_version=\u00a0\u00bb4.6.1&Prime; _module_preset=\u00a0\u00bbdefault\u00a0\u00bb width=\u00a0\u00bb80%\u00a0\u00bb min_height=\u00a0\u00bb566.4px\u00a0\u00bb custom_margin=\u00a0\u00bb-1px|auto||auto||\u00a0\u00bb custom_padding=\u00a0\u00bb4px||0px|||\u00a0\u00bb][et_pb_column type=\u00a0\u00bb4_4&Prime; _builder_version=\u00a0\u00bb4.6.1&Prime; _module_preset=\u00a0\u00bbdefault\u00a0\u00bb][et_pb_text _builder_version=\u00a0\u00bb4.8.1&Prime; _module_preset=\u00a0\u00bbdefault\u00a0\u00bb text_font=\u00a0\u00bbTrebuchet||||||||\u00a0\u00bb text_text_color=\u00a0\u00bb#ffffff\u00a0\u00bb text_font_size=\u00a0\u00bb24px\u00a0\u00bb text_line_height=\u00a0\u00bb1.73em\u00a0\u00bb header_font=\u00a0\u00bbTrebuchet||||||||\u00a0\u00bb header_text_align=\u00a0\u00bbleft\u00a0\u00bb header_text_color=\u00a0\u00bb#e09900&Prime; header_font_size=\u00a0\u00bb55px\u00a0\u00bb header_2_font=\u00a0\u00bbTrebuchet||||||||\u00a0\u00bb header_2_text_align=\u00a0\u00bbleft\u00a0\u00bb header_2_text_color=\u00a0\u00bb#ffffff\u00a0\u00bb header_2_font_size=\u00a0\u00bb35px\u00a0\u00bb header_2_line_height=\u00a0\u00bb1.7em\u00a0\u00bb text_orientation=\u00a0\u00bbjustified\u00a0\u00bb width=\u00a0\u00bb100%\u00a0\u00bb custom_margin=\u00a0\u00bb1px|||||\u00a0\u00bb custom_padding=\u00a0\u00bb40px||0px|||\u00a0\u00bb header_text_shadow_style=\u00a0\u00bbpreset2&Prime; header_2_text_shadow_style=\u00a0\u00bbpreset2&Prime;]<\/p>\n<h1>Et aussi<\/h1>\n<p><span style=\"color: #e09900;\">En puisant<\/span> dans les archives retour vers l\u2019insouciance\u2026<\/p>\n<p>[\/et_pb_text][et_pb_gallery gallery_ids=\u00a0\u00bb1107,1108&Prime; posts_number=\u00a0\u00bb2&Prime; show_pagination=\u00a0\u00bboff\u00a0\u00bb zoom_icon_color=\u00a0\u00bbrgba(224,153,0,0.33)\u00a0\u00bb hover_overlay_color=\u00a0\u00bbrgba(255,255,255,0.5)\u00a0\u00bb admin_label=\u00a0\u00bbGalerie\u00a0\u00bb _builder_version=\u00a0\u00bb4.8.0&Prime; _module_preset=\u00a0\u00bbdefault\u00a0\u00bb background_layout=\u00a0\u00bbdark\u00a0\u00bb width=\u00a0\u00bb100%\u00a0\u00bb module_alignment=\u00a0\u00bbcenter\u00a0\u00bb custom_margin=\u00a0\u00bb||-264px|||\u00a0\u00bb custom_padding=\u00a0\u00bb8px|||||\u00a0\u00bb locked=\u00a0\u00bboff\u00a0\u00bb][\/et_pb_gallery][\/et_pb_column][\/et_pb_row][\/et_pb_section]<\/p>\n","protected":false},"excerpt":{"rendered":"<p>Le v\u00e9g\u00e9talL\u2019arbre semble vouloir s\u2019adresser aux grands primates irr\u00e9v\u00e9rencieux que nous sommes devenus. Des primates aujourd\u2019hui perdus au bord du chemin pour avoir sottement oubli\u00e9 qu\u2019ils vivaient sur la plan\u00e8te des arbres. Jacques Tassin, Penser comme un arbre, \u00e9d Odile Jacob.La confondante r\u00e9alit\u00e9 Apr\u00e8s des recherches sur le th\u00e8me du paysage associ\u00e9 \u00e0 des \u00e9vocations [&hellip;]<\/p>\n","protected":false},"author":1,"featured_media":0,"parent":0,"menu_order":3,"comment_status":"closed","ping_status":"closed","template":"","meta":{"_et_pb_use_builder":"on","_et_pb_old_content":"","_et_gb_content_width":"","footnotes":""},"class_list":["post-1051","page","type-page","status-publish","hentry"],"_links":{"self":[{"href":"https:\/\/www.alain-gabriel-bouvier.art\/index.php\/wp-json\/wp\/v2\/pages\/1051","targetHints":{"allow":["GET"]}}],"collection":[{"href":"https:\/\/www.alain-gabriel-bouvier.art\/index.php\/wp-json\/wp\/v2\/pages"}],"about":[{"href":"https:\/\/www.alain-gabriel-bouvier.art\/index.php\/wp-json\/wp\/v2\/types\/page"}],"author":[{"embeddable":true,"href":"https:\/\/www.alain-gabriel-bouvier.art\/index.php\/wp-json\/wp\/v2\/users\/1"}],"replies":[{"embeddable":true,"href":"https:\/\/www.alain-gabriel-bouvier.art\/index.php\/wp-json\/wp\/v2\/comments?post=1051"}],"version-history":[{"count":39,"href":"https:\/\/www.alain-gabriel-bouvier.art\/index.php\/wp-json\/wp\/v2\/pages\/1051\/revisions"}],"predecessor-version":[{"id":1560,"href":"https:\/\/www.alain-gabriel-bouvier.art\/index.php\/wp-json\/wp\/v2\/pages\/1051\/revisions\/1560"}],"wp:attachment":[{"href":"https:\/\/www.alain-gabriel-bouvier.art\/index.php\/wp-json\/wp\/v2\/media?parent=1051"}],"curies":[{"name":"wp","href":"https:\/\/api.w.org\/{rel}","templated":true}]}}