{"id":181,"date":"2020-09-10T11:53:11","date_gmt":"2020-09-10T09:53:11","guid":{"rendered":"http:\/\/www.alain-gabriel-bouvier.art\/?page_id=181"},"modified":"2025-02-15T14:42:46","modified_gmt":"2025-02-15T13:42:46","slug":"le-mineral","status":"publish","type":"page","link":"https:\/\/www.alain-gabriel-bouvier.art\/index.php\/le-mineral\/","title":{"rendered":"2-Le min\u00e9ral"},"content":{"rendered":"<p>[et_pb_section fb_built=\u00a0\u00bb1&Prime; _builder_version=\u00a0\u00bb4.16&Prime; _module_preset=\u00a0\u00bbdefault\u00a0\u00bb background_color=\u00a0\u00bbrgba(50,50,50,0.85)\u00a0\u00bb background_enable_image=\u00a0\u00bboff\u00a0\u00bb custom_margin=\u00a0\u00bb||-1px|||\u00a0\u00bb custom_padding=\u00a0\u00bb||2px|||\u00a0\u00bb global_colors_info=\u00a0\u00bb{}\u00a0\u00bb][et_pb_row _builder_version=\u00a0\u00bb4.16&Prime; _module_preset=\u00a0\u00bbdefault\u00a0\u00bb background_image=\u00a0\u00bbhttps:\/\/www.alain-gabriel-bouvier.art\/wp-content\/uploads\/2020\/09\/Header-page-mineral.jpg\u00a0\u00bb width=\u00a0\u00bb100%\u00a0\u00bb custom_margin=\u00a0\u00bb|auto|149px|auto|false|false\u00a0\u00bb custom_padding=\u00a0\u00bb||135px||false|false\u00a0\u00bb global_colors_info=\u00a0\u00bb{}\u00a0\u00bb][et_pb_column type=\u00a0\u00bb4_4&Prime; _builder_version=\u00a0\u00bb4.16&Prime; _module_preset=\u00a0\u00bbdefault\u00a0\u00bb global_colors_info=\u00a0\u00bb{}\u00a0\u00bb][et_pb_text _builder_version=\u00a0\u00bb4.16&Prime; _module_preset=\u00a0\u00bbdefault\u00a0\u00bb text_font=\u00a0\u00bbTrebuchet||||||||\u00a0\u00bb text_text_color=\u00a0\u00bb#e0af00&Prime; text_font_size=\u00a0\u00bb95px\u00a0\u00bb text_line_height=\u00a0\u00bb0.5em\u00a0\u00bb text_orientation=\u00a0\u00bbcenter\u00a0\u00bb background_layout=\u00a0\u00bbdark\u00a0\u00bb custom_margin=\u00a0\u00bb104px||18px|||\u00a0\u00bb custom_padding=\u00a0\u00bb||0px|||\u00a0\u00bb text_text_shadow_style=\u00a0\u00bbpreset5&Prime; text_text_shadow_horizontal_length=\u00a0\u00bb0.05em\u00a0\u00bb text_text_shadow_vertical_length=\u00a0\u00bb0.05em\u00a0\u00bb text_text_shadow_blur_strength=\u00a0\u00bb0.04em\u00a0\u00bb text_text_shadow_color=\u00a0\u00bbrgba(0,0,0,0.5)\u00a0\u00bb global_colors_info=\u00a0\u00bb{}\u00a0\u00bb]<\/p>\n<p>Le min\u00e9ral<\/p>\n<p>[\/et_pb_text][\/et_pb_column][\/et_pb_row][et_pb_row _builder_version=\u00a0\u00bb4.16&Prime; _module_preset=\u00a0\u00bbdefault\u00a0\u00bb global_colors_info=\u00a0\u00bb{}\u00a0\u00bb][et_pb_column type=\u00a0\u00bb4_4&Prime; _builder_version=\u00a0\u00bb4.16&Prime; _module_preset=\u00a0\u00bbdefault\u00a0\u00bb global_colors_info=\u00a0\u00bb{}\u00a0\u00bb][et_pb_text _builder_version=\u00a0\u00bb4.16&Prime; _module_preset=\u00a0\u00bbdefault\u00a0\u00bb text_font=\u00a0\u00bbTrebuchet||||||||\u00a0\u00bb text_text_color=\u00a0\u00bb#ffffff\u00a0\u00bb text_font_size=\u00a0\u00bb24px\u00a0\u00bb text_line_height=\u00a0\u00bb1.73em\u00a0\u00bb text_orientation=\u00a0\u00bbjustified\u00a0\u00bb width=\u00a0\u00bb88%\u00a0\u00bb module_alignment=\u00a0\u00bbcenter\u00a0\u00bb custom_margin=\u00a0\u00bb-124px|||||\u00a0\u00bb global_colors_info=\u00a0\u00bb{}\u00a0\u00bb]<\/p>\n<p>Calcaires, granites, gr\u00e8s, sables, cendres volcaniques, argiles, glaises \u2026 des mati\u00e8res vivantes dont la structure mol\u00e9culaire \u00e9volue avec le temps\u2026 une dimension temporelle qui nous \u00e9chappe, myst\u00e9rieux cosmos.<\/p>\n<p>[\/et_pb_text][\/et_pb_column][\/et_pb_row][et_pb_row _builder_version=\u00a0\u00bb4.16&Prime; _module_preset=\u00a0\u00bbdefault\u00a0\u00bb width=\u00a0\u00bb80%\u00a0\u00bb custom_padding=\u00a0\u00bb||4px|||\u00a0\u00bb global_colors_info=\u00a0\u00bb{}\u00a0\u00bb][et_pb_column type=\u00a0\u00bb4_4&Prime; _builder_version=\u00a0\u00bb4.16&Prime; _module_preset=\u00a0\u00bbdefault\u00a0\u00bb global_colors_info=\u00a0\u00bb{}\u00a0\u00bb][et_pb_text _builder_version=\u00a0\u00bb4.16&Prime; _module_preset=\u00a0\u00bbdefault\u00a0\u00bb text_font=\u00a0\u00bbTrebuchet||||||||\u00a0\u00bb text_text_color=\u00a0\u00bb#ffffff\u00a0\u00bb text_font_size=\u00a0\u00bb24px\u00a0\u00bb text_line_height=\u00a0\u00bb1.73em\u00a0\u00bb header_font=\u00a0\u00bbTrebuchet||||||||\u00a0\u00bb header_text_align=\u00a0\u00bbleft\u00a0\u00bb header_text_color=\u00a0\u00bb#e09900&Prime; header_font_size=\u00a0\u00bb55px\u00a0\u00bb header_2_font=\u00a0\u00bbTrebuchet||||||||\u00a0\u00bb header_2_text_align=\u00a0\u00bbleft\u00a0\u00bb header_2_text_color=\u00a0\u00bb#ffffff\u00a0\u00bb header_2_font_size=\u00a0\u00bb35px\u00a0\u00bb header_2_line_height=\u00a0\u00bb1.7em\u00a0\u00bb text_orientation=\u00a0\u00bbjustified\u00a0\u00bb width=\u00a0\u00bb100%\u00a0\u00bb custom_padding=\u00a0\u00bb||0px|||\u00a0\u00bb header_text_shadow_style=\u00a0\u00bbpreset2&Prime; header_2_text_shadow_style=\u00a0\u00bbpreset2&Prime; global_colors_info=\u00a0\u00bb{}\u00a0\u00bb]<\/p>\n<h1>Failles &#8211; 1998 \/ 2000<\/h1>\n<h2>encre sur papier<\/h2>\n<p>\u00ab\u00a0Dense et \u00e9parse, m\u00eame et autre, singuli\u00e8re et innombrable, \u00e0 travers la r\u00e9p\u00e9tition d\u2019un geste toujours diff\u00e9rent, une voix se forme, celle d\u2019un peintre avec la douleur du temps. \u00ab<em>\u00a0T\u00e2tonnement dans l\u2019in\u00e9puisable\u00a0\u00bb<\/em>, comme l\u2019\u00e9crit le po\u00e8te Andr\u00e9 Fr\u00e9naud \u00e0 propos du travail po\u00e9tique. Des rythmes se chevauchent les uns aux autres, se rencontrent, se repoussent, se conjuguent et se perdent&#8230; \u00bb<\/p>\n<p><span style=\"font-size: large;\">Extrait de<em> \u00ab\u00a0Failles\u00a0\u00bb<\/em>. Texte de Fran\u00e7oise Delorme, N\u00e9o-Editions. 2004.<\/span><\/p>\n<p><span style=\"font-size: large;\">Ces \u0153uvres,\u00a0accompagn\u00e9es d\u2019un texte de Fran\u00e7oise Delorme, ont fait l\u2019objet d\u2019un ouvrage \u00e9dit\u00e9 en 2004 chez NEO \u00e9ditions : <em>Failles<\/em><\/span><\/p>\n<p>&nbsp;<\/p>\n<p>[\/et_pb_text][\/et_pb_column][\/et_pb_row][et_pb_row use_custom_gutter=\u00a0\u00bbon\u00a0\u00bb gutter_width=\u00a0\u00bb2&Prime; _builder_version=\u00a0\u00bb4.16&Prime; _module_preset=\u00a0\u00bbdefault\u00a0\u00bb custom_padding=\u00a0\u00bb||0px||false|false\u00a0\u00bb global_colors_info=\u00a0\u00bb{}\u00a0\u00bb][et_pb_column type=\u00a0\u00bb4_4&Prime; _builder_version=\u00a0\u00bb4.16&Prime; _module_preset=\u00a0\u00bbdefault\u00a0\u00bb global_colors_info=\u00a0\u00bb{}\u00a0\u00bb][et_pb_gallery gallery_ids=\u00a0\u00bb692,693,691,694,695,697,699,698&Prime; posts_number=\u00a0\u00bb8&Prime; show_pagination=\u00a0\u00bboff\u00a0\u00bb zoom_icon_color=\u00a0\u00bbrgba(224,153,0,0.33)\u00a0\u00bb hover_overlay_color=\u00a0\u00bbrgba(255,255,255,0.5)\u00a0\u00bb _builder_version=\u00a0\u00bb4.16&Prime; _module_preset=\u00a0\u00bbdefault\u00a0\u00bb background_layout=\u00a0\u00bbdark\u00a0\u00bb width=\u00a0\u00bb90%\u00a0\u00bb module_alignment=\u00a0\u00bbcenter\u00a0\u00bb custom_margin=\u00a0\u00bb||-264px|||\u00a0\u00bb global_colors_info=\u00a0\u00bb{}\u00a0\u00bb][\/et_pb_gallery][\/et_pb_column][\/et_pb_row][et_pb_row column_structure=\u00a0\u00bb1_4,1_4,1_4,1_4&Prime; _builder_version=\u00a0\u00bb4.16&Prime; _module_preset=\u00a0\u00bbdefault\u00a0\u00bb width=\u00a0\u00bb80%\u00a0\u00bb custom_margin=\u00a0\u00bb18px|auto|-47px|auto||\u00a0\u00bb saved_tabs=\u00a0\u00bball\u00a0\u00bb global_colors_info=\u00a0\u00bb{}\u00a0\u00bb][et_pb_column type=\u00a0\u00bb1_4&Prime; _builder_version=\u00a0\u00bb4.16&Prime; _module_preset=\u00a0\u00bbdefault\u00a0\u00bb global_colors_info=\u00a0\u00bb{}\u00a0\u00bb][\/et_pb_column][et_pb_column type=\u00a0\u00bb1_4&Prime; _builder_version=\u00a0\u00bb4.16&Prime; _module_preset=\u00a0\u00bbdefault\u00a0\u00bb global_colors_info=\u00a0\u00bb{}\u00a0\u00bb][\/et_pb_column][et_pb_column type=\u00a0\u00bb1_4&Prime; _builder_version=\u00a0\u00bb4.16&Prime; _module_preset=\u00a0\u00bbdefault\u00a0\u00bb global_colors_info=\u00a0\u00bb{}\u00a0\u00bb][\/et_pb_column][et_pb_column type=\u00a0\u00bb1_4&Prime; _builder_version=\u00a0\u00bb4.16&Prime; _module_preset=\u00a0\u00bbdefault\u00a0\u00bb global_colors_info=\u00a0\u00bb{}\u00a0\u00bb][et_pb_button button_url=\u00a0\u00bbhttps:\/\/www.alain-gabriel-bouvier.art\/index.php\/les-100-failles\/\u00a0\u00bb button_text=\u00a0\u00bbvers les 100 failles\u00a0\u00bb button_alignment=\u00a0\u00bbcenter\u00a0\u00bb _builder_version=\u00a0\u00bb4.16&Prime; _module_preset=\u00a0\u00bbdefault\u00a0\u00bb custom_button=\u00a0\u00bbon\u00a0\u00bb button_text_size=\u00a0\u00bb25px\u00a0\u00bb button_font=\u00a0\u00bbTrebuchet||||||||\u00a0\u00bb button_icon=\u00a0\u00bb&#x45;||divi||400&Prime; background_layout=\u00a0\u00bbdark\u00a0\u00bb custom_margin=\u00a0\u00bb-29px||||false|false\u00a0\u00bb custom_padding=\u00a0\u00bb0px||0px||false|false\u00a0\u00bb global_colors_info=\u00a0\u00bb{}\u00a0\u00bb][\/et_pb_button][\/et_pb_column][\/et_pb_row][et_pb_row _builder_version=\u00a0\u00bb4.16&Prime; _module_preset=\u00a0\u00bbdefault\u00a0\u00bb width=\u00a0\u00bb80%\u00a0\u00bb custom_padding=\u00a0\u00bb||4px|||\u00a0\u00bb global_colors_info=\u00a0\u00bb{}\u00a0\u00bb][et_pb_column type=\u00a0\u00bb4_4&Prime; _builder_version=\u00a0\u00bb4.16&Prime; _module_preset=\u00a0\u00bbdefault\u00a0\u00bb global_colors_info=\u00a0\u00bb{}\u00a0\u00bb][et_pb_text _builder_version=\u00a0\u00bb4.27.4&Prime; _module_preset=\u00a0\u00bbdefault\u00a0\u00bb text_font=\u00a0\u00bbTrebuchet||||||||\u00a0\u00bb text_text_color=\u00a0\u00bb#ffffff\u00a0\u00bb text_font_size=\u00a0\u00bb24px\u00a0\u00bb text_line_height=\u00a0\u00bb1.73em\u00a0\u00bb header_font=\u00a0\u00bbTrebuchet||||||||\u00a0\u00bb header_text_align=\u00a0\u00bbleft\u00a0\u00bb header_text_color=\u00a0\u00bb#e09900&Prime; header_font_size=\u00a0\u00bb55px\u00a0\u00bb header_2_font=\u00a0\u00bbTrebuchet||||||||\u00a0\u00bb header_2_text_align=\u00a0\u00bbleft\u00a0\u00bb header_2_text_color=\u00a0\u00bb#ffffff\u00a0\u00bb header_2_font_size=\u00a0\u00bb35px\u00a0\u00bb header_2_line_height=\u00a0\u00bb1.7em\u00a0\u00bb text_orientation=\u00a0\u00bbjustified\u00a0\u00bb width=\u00a0\u00bb100%\u00a0\u00bb custom_margin=\u00a0\u00bb34px||42px|||\u00a0\u00bb custom_padding=\u00a0\u00bb||0px|||\u00a0\u00bb header_text_shadow_style=\u00a0\u00bbpreset2&Prime; header_2_text_shadow_style=\u00a0\u00bbpreset2&Prime; global_colors_info=\u00a0\u00bb{}\u00a0\u00bb]<\/p>\n<h1>M\u00e9diath\u00e8que d\u00e9partementale du Jura<\/h1>\n<h1>Lons-le-Saunier &#8211; 1986<\/h1>\n<p><span style=\"color: #e09900;\">Pour ce projet l\u2019agence d\u2019architecture Reichardt Ferreux<\/span> m\u2019a int\u00e9gr\u00e9 \u00e0 l\u2019\u00e9quipe d\u00e8s le d\u00e9but des travaux, c\u2019est \u00e0 dire d\u00e8s l\u2019avant-projet, ce qui est exceptionnel, cette cr\u00e9ation dans le cadre du <em>un pour cent<\/em><strong>\u00a0<\/strong>\u00e9tant souvent r\u00e9alis\u00e9e une fois le projet d\u2019architecture termin\u00e9, ce qui m\u2019a laiss\u00e9 le loisir de faire des propositions, comme celle du mur sur lequel j\u2019intervenais que j\u2019ai imagin\u00e9 <em>ondul\u00e9<\/em> pour \u00e9voquer la forme du \u00ab\u00a0volumen\u00a0\u00bb.<\/p>\n<p>Ce livre primitif en forme de rouleau.<\/p>\n<p>J\u2019ai, pour la r\u00e9alisation, d\u00e9tourn\u00e9 une technique de gravure chimique utilis\u00e9e pour des\u00a0 petites surfaces de b\u00e9ton sur du mobilier urbain ou sur des sols. Ce produit, fabriqu\u00e9 par une entreprise locale, attaque la surface du b\u00e9ton pour laisser appara\u00eetre le gravier.\u00a0 La surface courbe du mur \u00e9tant r\u00e9alis\u00e9e avec douze panneaux de b\u00e9ton pr\u00e9fabriqu\u00e9s, j\u2019ai donc r\u00e9alis\u00e9 sur un support de grande surface \u00e0 la dimension des panneaux (du plastique alimentaire souple de quelques dixi\u00e8mes de millim\u00e8tre) le trac\u00e9 invers\u00e9 de mon dessin avec ce produit d\u00e9pos\u00e9 au pinceau. Ces <em>feuilles<\/em> \u00e9taient d\u00e9pos\u00e9es en fond de moule. J\u2019ai demand\u00e9 que la <em>peau<\/em> des panneaux soit r\u00e9alis\u00e9e en b\u00e9ton blanc dont le granulat \u00e9tait une roche d\u2019un vert tr\u00e8s fonc\u00e9 broy\u00e9e assez finement. Apr\u00e8s un essai concluant, l\u2019entreprise s\u2019est donc lanc\u00e9e dans la fabrication de l\u2019ensemble des panneaux. J\u2019ai beaucoup appr\u00e9ci\u00e9 le professionnalisme de l\u2019\u00e9quipe qui a tout de suite \u00e9t\u00e9 \u00e0 l\u2019\u00e9coute de mes exigences et a produit les panneaux avec beaucoup de soin. Cette technique, p\u00e9renne, n\u2019a, \u00e0 ma connaissance, jamais \u00e9t\u00e9 utilis\u00e9e de la sorte alors qu\u2019elle aurait pu \u00e9voluer.<\/p>\n<p>[\/et_pb_text][\/et_pb_column][\/et_pb_row][et_pb_row use_custom_gutter=\u00a0\u00bbon\u00a0\u00bb gutter_width=\u00a0\u00bb2&Prime; _builder_version=\u00a0\u00bb4.16&Prime; _module_preset=\u00a0\u00bbdefault\u00a0\u00bb custom_margin=\u00a0\u00bb-50px|auto||auto||\u00a0\u00bb custom_padding=\u00a0\u00bb||0px||false|false\u00a0\u00bb global_colors_info=\u00a0\u00bb{}\u00a0\u00bb][et_pb_column type=\u00a0\u00bb4_4&Prime; _builder_version=\u00a0\u00bb4.16&Prime; _module_preset=\u00a0\u00bbdefault\u00a0\u00bb global_colors_info=\u00a0\u00bb{}\u00a0\u00bb][et_pb_gallery gallery_ids=\u00a0\u00bb840,839,838,834,835,836,837&Prime; posts_number=\u00a0\u00bb8&Prime; show_pagination=\u00a0\u00bboff\u00a0\u00bb zoom_icon_color=\u00a0\u00bbrgba(224,153,0,0.33)\u00a0\u00bb hover_overlay_color=\u00a0\u00bbrgba(255,255,255,0.5)\u00a0\u00bb _builder_version=\u00a0\u00bb4.27.4&Prime; _module_preset=\u00a0\u00bbdefault\u00a0\u00bb background_layout=\u00a0\u00bbdark\u00a0\u00bb width=\u00a0\u00bb90%\u00a0\u00bb module_alignment=\u00a0\u00bbcenter\u00a0\u00bb custom_margin=\u00a0\u00bb||-264px|||\u00a0\u00bb custom_padding=\u00a0\u00bb0px|||||\u00a0\u00bb hover_enabled=\u00a0\u00bb0&Prime; global_colors_info=\u00a0\u00bb{}\u00a0\u00bb sticky_enabled=\u00a0\u00bb0&Prime;][\/et_pb_gallery][\/et_pb_column][\/et_pb_row][et_pb_row _builder_version=\u00a0\u00bb4.16&Prime; _module_preset=\u00a0\u00bbdefault\u00a0\u00bb width=\u00a0\u00bb80%\u00a0\u00bb min_height=\u00a0\u00bb313px\u00a0\u00bb custom_margin=\u00a0\u00bb40px|auto|-39px|auto||\u00a0\u00bb custom_padding=\u00a0\u00bb||0px|||\u00a0\u00bb global_colors_info=\u00a0\u00bb{}\u00a0\u00bb][et_pb_column type=\u00a0\u00bb4_4&Prime; _builder_version=\u00a0\u00bb4.16&Prime; _module_preset=\u00a0\u00bbdefault\u00a0\u00bb global_colors_info=\u00a0\u00bb{}\u00a0\u00bb][et_pb_text _builder_version=\u00a0\u00bb4.16&Prime; _module_preset=\u00a0\u00bbdefault\u00a0\u00bb text_font=\u00a0\u00bbTrebuchet||||||||\u00a0\u00bb text_text_color=\u00a0\u00bb#ffffff\u00a0\u00bb text_font_size=\u00a0\u00bb24px\u00a0\u00bb text_line_height=\u00a0\u00bb1.73em\u00a0\u00bb header_font=\u00a0\u00bbTrebuchet||||||||\u00a0\u00bb header_text_align=\u00a0\u00bbleft\u00a0\u00bb header_text_color=\u00a0\u00bb#e09900&Prime; header_font_size=\u00a0\u00bb55px\u00a0\u00bb header_2_font=\u00a0\u00bbTrebuchet||||||||\u00a0\u00bb header_2_text_align=\u00a0\u00bbleft\u00a0\u00bb header_2_text_color=\u00a0\u00bb#ffffff\u00a0\u00bb header_2_font_size=\u00a0\u00bb35px\u00a0\u00bb header_2_line_height=\u00a0\u00bb1.7em\u00a0\u00bb text_orientation=\u00a0\u00bbjustified\u00a0\u00bb width=\u00a0\u00bb100%\u00a0\u00bb custom_padding=\u00a0\u00bb||0px|||\u00a0\u00bb header_text_shadow_style=\u00a0\u00bbpreset2&Prime; header_2_text_shadow_style=\u00a0\u00bbpreset2&Prime; global_colors_info=\u00a0\u00bb{}\u00a0\u00bb]<\/p>\n<h1>Peintures<\/h1>\n<p><span style=\"color: #e09900;\">\u00ab\u00a0Les montagnes \u00e9minentes portent la terre<\/span>, leurs rochers en sont les os, leurs rivi\u00e8res ses veines et art\u00e8res, les plantes sa chevelure et le sol sa chair.\u00a0\u00bb<\/p>\n<p><span style=\"font-size: large;\">Zhang Hua 232-300<em>\u00a0Trait\u00e9 d\u2019histoire naturelle<\/em>, Catalogue\u00a0<em>Rochers de lettr\u00e9s<\/em>. \u00e9d. Guimet M.N.<\/span><\/p>\n<p>[\/et_pb_text][\/et_pb_column][\/et_pb_row][et_pb_row use_custom_gutter=\u00a0\u00bbon\u00a0\u00bb gutter_width=\u00a0\u00bb2&Prime; _builder_version=\u00a0\u00bb4.16&Prime; _module_preset=\u00a0\u00bbdefault\u00a0\u00bb custom_margin=\u00a0\u00bb-18px|auto||auto||\u00a0\u00bb custom_padding=\u00a0\u00bb||0px||false|false\u00a0\u00bb global_colors_info=\u00a0\u00bb{}\u00a0\u00bb][et_pb_column type=\u00a0\u00bb4_4&Prime; _builder_version=\u00a0\u00bb4.16&Prime; _module_preset=\u00a0\u00bbdefault\u00a0\u00bb global_colors_info=\u00a0\u00bb{}\u00a0\u00bb][et_pb_gallery gallery_ids=\u00a0\u00bb854,847,849,850,852,853,851,848,974&Prime; posts_number=\u00a0\u00bb9&Prime; show_pagination=\u00a0\u00bboff\u00a0\u00bb zoom_icon_color=\u00a0\u00bbrgba(224,153,0,0.33)\u00a0\u00bb hover_overlay_color=\u00a0\u00bbrgba(255,255,255,0.5)\u00a0\u00bb _builder_version=\u00a0\u00bb4.16&Prime; _module_preset=\u00a0\u00bbdefault\u00a0\u00bb background_layout=\u00a0\u00bbdark\u00a0\u00bb width=\u00a0\u00bb90%\u00a0\u00bb module_alignment=\u00a0\u00bbcenter\u00a0\u00bb custom_margin=\u00a0\u00bb||-264px|||\u00a0\u00bb global_colors_info=\u00a0\u00bb{}\u00a0\u00bb][\/et_pb_gallery][\/et_pb_column][\/et_pb_row][\/et_pb_section]<\/p>\n","protected":false},"excerpt":{"rendered":"<p>Le min\u00e9ralCalcaires, granites, gr\u00e8s, sables, cendres volcaniques, argiles, glaises \u2026 des mati\u00e8res vivantes dont la structure mol\u00e9culaire \u00e9volue avec le temps\u2026 une dimension temporelle qui nous \u00e9chappe, myst\u00e9rieux cosmos.Failles &#8211; 1998 \/ 2000 encre sur papier \u00ab\u00a0Dense et \u00e9parse, m\u00eame et autre, singuli\u00e8re et innombrable, \u00e0 travers la r\u00e9p\u00e9tition d\u2019un geste toujours diff\u00e9rent, une voix [&hellip;]<\/p>\n","protected":false},"author":1,"featured_media":836,"parent":0,"menu_order":1,"comment_status":"closed","ping_status":"closed","template":"","meta":{"_et_pb_use_builder":"on","_et_pb_old_content":"","_et_gb_content_width":"","footnotes":""},"class_list":["post-181","page","type-page","status-publish","has-post-thumbnail","hentry"],"_links":{"self":[{"href":"https:\/\/www.alain-gabriel-bouvier.art\/index.php\/wp-json\/wp\/v2\/pages\/181","targetHints":{"allow":["GET"]}}],"collection":[{"href":"https:\/\/www.alain-gabriel-bouvier.art\/index.php\/wp-json\/wp\/v2\/pages"}],"about":[{"href":"https:\/\/www.alain-gabriel-bouvier.art\/index.php\/wp-json\/wp\/v2\/types\/page"}],"author":[{"embeddable":true,"href":"https:\/\/www.alain-gabriel-bouvier.art\/index.php\/wp-json\/wp\/v2\/users\/1"}],"replies":[{"embeddable":true,"href":"https:\/\/www.alain-gabriel-bouvier.art\/index.php\/wp-json\/wp\/v2\/comments?post=181"}],"version-history":[{"count":75,"href":"https:\/\/www.alain-gabriel-bouvier.art\/index.php\/wp-json\/wp\/v2\/pages\/181\/revisions"}],"predecessor-version":[{"id":1689,"href":"https:\/\/www.alain-gabriel-bouvier.art\/index.php\/wp-json\/wp\/v2\/pages\/181\/revisions\/1689"}],"wp:featuredmedia":[{"embeddable":true,"href":"https:\/\/www.alain-gabriel-bouvier.art\/index.php\/wp-json\/wp\/v2\/media\/836"}],"wp:attachment":[{"href":"https:\/\/www.alain-gabriel-bouvier.art\/index.php\/wp-json\/wp\/v2\/media?parent=181"}],"curies":[{"name":"wp","href":"https:\/\/api.w.org\/{rel}","templated":true}]}}